{"id":997,"date":"2022-11-19T19:41:01","date_gmt":"2022-11-19T18:41:01","guid":{"rendered":"https:\/\/www.geneacantal.fr\/?page_id=997"},"modified":"2023-03-27T16:49:16","modified_gmt":"2023-03-27T14:49:16","slug":"monuments-cantalous","status":"publish","type":"page","link":"https:\/\/www.geneacantal.fr\/index.php\/monuments-cantalous\/","title":{"rendered":"Monuments Cantalous"},"content":{"rendered":"\n<p><em><a href=\"https:\/\/www.geneacantal.fr\/index.php\/patrimoine-cantalou\/\" data-type=\"page\" data-id=\"808\">Retour : Patrimoine Cantalou<\/a><\/em><\/p>\n\n\n\n<figure class=\"wp-block-pullquote has-text-align-center\"><blockquote><p>\u00ab\u00a0Les lieux sont aussi des liens. Et ils sont notre m\u00e9moire\u00a0\u00bb<\/p><cite>Philippe Besson<\/cite><\/blockquote><\/figure>\n\n\n\n<h2 class=\"has-text-align-center has-x-large-font-size wp-block-heading\"><strong>C\u00f4t\u00e9 Biblioth\u00e8que<\/strong><\/h2>\n\n\n\n<hr class=\"wp-block-separator has-alpha-channel-opacity\"\/>\n\n\n\n<div class=\"wp-block-columns alignwide is-layout-flex wp-container-5 wp-block-columns-is-layout-flex\">\n<div class=\"wp-block-column is-layout-flow wp-block-column-is-layout-flow\"><div class=\"wp-block-image\">\n<figure class=\"aligncenter size-large is-resized\"><img decoding=\"async\" loading=\"lazy\" src=\"http:\/\/www.genea92nord.fr\/images\/GENEACANTAL\/moulier-chapelles-rurales-cantal.jpeg\" alt=\"\" width=\"304\" height=\"431\"\/><\/figure><\/div><\/div>\n\n\n\n<div class=\"wp-block-column is-layout-flow wp-block-column-is-layout-flow\"><div class=\"wp-block-image\">\n<figure class=\"aligncenter size-large is-resized\"><img decoding=\"async\" loading=\"lazy\" src=\"http:\/\/www.genea92nord.fr\/images\/GENEACANTAL\/beaufrere-sanctuaire-quezac-cantal.jpeg\" alt=\"\" width=\"325\" height=\"433\"\/><\/figure><\/div><\/div>\n\n\n\n<div class=\"wp-block-column is-layout-flow wp-block-column-is-layout-flow\"><div class=\"wp-block-image\">\n<figure class=\"aligncenter size-large is-resized\"><img decoding=\"async\" loading=\"lazy\" src=\"http:\/\/www.genea92nord.fr\/images\/GENEACANTAL\/chassang-seminaire-saint-flour.jpeg\" alt=\"\" width=\"316\" height=\"432\"\/><\/figure><\/div><\/div>\n\n\n\n<div class=\"wp-block-column is-layout-flow wp-block-column-is-layout-flow\"><div class=\"wp-block-image\">\n<figure class=\"aligncenter size-large is-resized\"><img decoding=\"async\" loading=\"lazy\" src=\"http:\/\/www.genea92nord.fr\/images\/GENEACANTAL\/patrimoine-architectural-auvergne.jpeg\" alt=\"\" width=\"305\" height=\"433\"\/><\/figure><\/div><\/div>\n<\/div>\n\n\n\n<div class=\"wp-block-columns alignwide is-layout-flex wp-container-8 wp-block-columns-is-layout-flex\">\n<div class=\"wp-block-column is-layout-flow wp-block-column-is-layout-flow\"><div class=\"wp-block-image\">\n<figure class=\"aligncenter size-large is-resized\"><img decoding=\"async\" loading=\"lazy\" src=\"http:\/\/www.genea92nord.fr\/images\/GENEACANTAL\/chateau-conros.jpeg\" alt=\"\" width=\"316\" height=\"431\"\/><\/figure><\/div><\/div>\n\n\n\n<div class=\"wp-block-column is-layout-flow wp-block-column-is-layout-flow\"><div class=\"wp-block-image\">\n<figure class=\"aligncenter size-large is-resized\"><img decoding=\"async\" loading=\"lazy\" src=\"http:\/\/www.genea92nord.fr\/images\/GENEACANTAL\/chateau-sedaiges.jpeg\" alt=\"\" width=\"320\" height=\"427\"\/><\/figure><\/div><\/div>\n<\/div>\n\n\n\n<div class=\"wp-block-columns alignwide is-layout-flex wp-container-13 wp-block-columns-is-layout-flex\">\n<div class=\"wp-block-column is-layout-flow wp-block-column-is-layout-flow\"><div class=\"wp-block-image\">\n<figure class=\"aligncenter size-large is-resized\"><img decoding=\"async\" loading=\"lazy\" src=\"http:\/\/www.genea92nord.fr\/images\/GENEACANTAL\/haut-clair-cantal.jpeg\" alt=\"\" width=\"323\" height=\"430\"\/><\/figure><\/div><\/div>\n\n\n\n<div class=\"wp-block-column is-layout-flow wp-block-column-is-layout-flow\"><div class=\"wp-block-image\">\n<figure class=\"aligncenter size-large is-resized\"><img decoding=\"async\" loading=\"lazy\" src=\"http:\/\/www.genea92nord.fr\/images\/GENEACANTAL\/deydier-histoire-viaduc-garabit.jpeg\" alt=\"\" width=\"321\" height=\"432\"\/><\/figure><\/div><\/div>\n\n\n\n<div class=\"wp-block-column is-layout-flow wp-block-column-is-layout-flow\"><div class=\"wp-block-image\">\n<figure class=\"aligncenter size-large is-resized\"><img decoding=\"async\" loading=\"lazy\" src=\"http:\/\/www.genea92nord.fr\/images\/GENEACANTAL\/buron-croix-blanche.jpeg\" alt=\"\" width=\"427\" height=\"383\"\/><\/figure><\/div><\/div>\n\n\n\n<div class=\"wp-block-column is-layout-flow wp-block-column-is-layout-flow\"><div class=\"wp-block-image\">\n<figure class=\"aligncenter size-large is-resized\"><img decoding=\"async\" loading=\"lazy\" src=\"http:\/\/www.genea92nord.fr\/images\/GENEACANTAL\/pouget-cantal-monuments-souvenit-1914-1918.jpeg\" alt=\"\" width=\"296\" height=\"441\"\/><\/figure><\/div><\/div>\n<\/div>\n\n\n\n<p class=\"has-text-align-right\"><a href=\"https:\/\/www.geneacantal.fr\/index.php\/monuments-cantalous\/\" data-type=\"page\" data-id=\"997\"><em>Haut de page<\/em><\/a><\/p>\n","protected":false},"excerpt":{"rendered":"<p>Retour : Patrimoine Cantalou \u00ab\u00a0Les lieux sont aussi des liens. Et ils sont notre m\u00e9moire\u00a0\u00bb Philippe Besson C\u00f4t\u00e9 Biblioth\u00e8que Haut de page<\/p>\n","protected":false},"author":1,"featured_media":0,"parent":0,"menu_order":0,"comment_status":"closed","ping_status":"closed","template":"","meta":{"footnotes":""},"_links":{"self":[{"href":"https:\/\/www.geneacantal.fr\/index.php\/wp-json\/wp\/v2\/pages\/997"}],"collection":[{"href":"https:\/\/www.geneacantal.fr\/index.php\/wp-json\/wp\/v2\/pages"}],"about":[{"href":"https:\/\/www.geneacantal.fr\/index.php\/wp-json\/wp\/v2\/types\/page"}],"author":[{"embeddable":true,"href":"https:\/\/www.geneacantal.fr\/index.php\/wp-json\/wp\/v2\/users\/1"}],"replies":[{"embeddable":true,"href":"https:\/\/www.geneacantal.fr\/index.php\/wp-json\/wp\/v2\/comments?post=997"}],"version-history":[{"count":16,"href":"https:\/\/www.geneacantal.fr\/index.php\/wp-json\/wp\/v2\/pages\/997\/revisions"}],"predecessor-version":[{"id":1471,"href":"https:\/\/www.geneacantal.fr\/index.php\/wp-json\/wp\/v2\/pages\/997\/revisions\/1471"}],"wp:attachment":[{"href":"https:\/\/www.geneacantal.fr\/index.php\/wp-json\/wp\/v2\/media?parent=997"}],"curies":[{"name":"wp","href":"https:\/\/api.w.org\/{rel}","templated":true}]}}