{"id":896,"date":"2022-11-19T16:16:07","date_gmt":"2022-11-19T15:16:07","guid":{"rendered":"https:\/\/www.geneacantal.fr\/?page_id=896"},"modified":"2023-03-27T17:21:36","modified_gmt":"2023-03-27T15:21:36","slug":"patois-cantalou","status":"publish","type":"page","link":"https:\/\/www.geneacantal.fr\/index.php\/patois-cantalou\/","title":{"rendered":"Patois Cantalou"},"content":{"rendered":"\n<p><em><a href=\"https:\/\/www.geneacantal.fr\/index.php\/patrimoine-cantalou\/\" data-type=\"page\" data-id=\"808\">Retour : Patrimoine Cantalou<\/a><\/em><\/p>\n\n\n\n<h2 class=\"has-text-align-center has-large-font-size wp-block-heading\"><strong>A visiter<\/strong><\/h2>\n\n\n\n<p class=\"has-text-align-center\"><a href=\"https:\/\/ieo-oc.org\/\">L&rsquo;institut d&rsquo;Etudes Occitanes (IEO)<\/a> \u00e0 Aurillac<\/p>\n\n\n\n<p class=\"has-text-align-center\"><a href=\"https:\/\/occitanica.eu\/\" target=\"_blank\" rel=\"noreferrer noopener\">Occitanica<\/a><\/p>\n\n\n\n<div style=\"height:100px\" aria-hidden=\"true\" class=\"wp-block-spacer\"><\/div>\n\n\n\n<h2 class=\"has-text-align-center has-x-large-font-size wp-block-heading\"><strong>C\u00f4t\u00e9 Biblioth\u00e8que<\/strong><\/h2>\n\n\n\n<hr class=\"wp-block-separator has-alpha-channel-opacity\"\/>\n\n\n\n<div style=\"height:100px\" aria-hidden=\"true\" class=\"wp-block-spacer\"><\/div>\n\n\n\n<div class=\"wp-block-columns alignwide is-layout-flex wp-container-5 wp-block-columns-is-layout-flex\">\n<div class=\"wp-block-column is-layout-flow wp-block-column-is-layout-flow\"><div class=\"wp-block-image\">\n<figure class=\"aligncenter size-large is-resized\"><img decoding=\"async\" loading=\"lazy\" src=\"http:\/\/www.genea92nord.fr\/images\/GENEACANTAL\/pays-vert.jpg\" alt=\"\" width=\"286\" height=\"433\"\/><\/figure><\/div><\/div>\n\n\n\n<div class=\"wp-block-column is-layout-flow wp-block-column-is-layout-flow\"><div class=\"wp-block-image\">\n<figure class=\"aligncenter size-large is-resized\"><img decoding=\"async\" loading=\"lazy\" src=\"http:\/\/www.genea92nord.fr\/images\/GENEACANTAL\/lo-cantal.jpg\" alt=\"\" width=\"307\" height=\"434\"\/><\/figure><\/div><\/div>\n\n\n\n<div class=\"wp-block-column is-layout-flow wp-block-column-is-layout-flow\"><div class=\"wp-block-image\">\n<figure class=\"aligncenter size-large is-resized\"><img decoding=\"async\" loading=\"lazy\" src=\"http:\/\/www.genea92nord.fr\/images\/GENEACANTAL\/daval-paisanton-badalhac.jpg\" alt=\"\" width=\"315\" height=\"437\"\/><\/figure><\/div><\/div>\n\n\n\n<div class=\"wp-block-column is-layout-flow wp-block-column-is-layout-flow\"><div class=\"wp-block-image\">\n<figure class=\"aligncenter size-large is-resized\"><img decoding=\"async\" loading=\"lazy\" src=\"http:\/\/www.genea92nord.fr\/images\/GENEACANTAL\/boudet-onomastique-auvergnate.jpeg\" alt=\"\" width=\"311\" height=\"436\"\/><\/figure><\/div><\/div>\n<\/div>\n\n\n\n<p class=\"has-text-align-right\"><a href=\"https:\/\/www.geneacantal.fr\/index.php\/patois-cantalou\/\" data-type=\"page\" data-id=\"896\"><em>Haut de page<\/em><\/a><\/p>\n","protected":false},"excerpt":{"rendered":"<p>Retour : Patrimoine Cantalou A visiter L&rsquo;institut d&rsquo;Etudes Occitanes (IEO) \u00e0 Aurillac Occitanica C\u00f4t\u00e9 Biblioth\u00e8que Haut de page<\/p>\n","protected":false},"author":1,"featured_media":0,"parent":0,"menu_order":0,"comment_status":"closed","ping_status":"closed","template":"","meta":{"footnotes":""},"_links":{"self":[{"href":"https:\/\/www.geneacantal.fr\/index.php\/wp-json\/wp\/v2\/pages\/896"}],"collection":[{"href":"https:\/\/www.geneacantal.fr\/index.php\/wp-json\/wp\/v2\/pages"}],"about":[{"href":"https:\/\/www.geneacantal.fr\/index.php\/wp-json\/wp\/v2\/types\/page"}],"author":[{"embeddable":true,"href":"https:\/\/www.geneacantal.fr\/index.php\/wp-json\/wp\/v2\/users\/1"}],"replies":[{"embeddable":true,"href":"https:\/\/www.geneacantal.fr\/index.php\/wp-json\/wp\/v2\/comments?post=896"}],"version-history":[{"count":19,"href":"https:\/\/www.geneacantal.fr\/index.php\/wp-json\/wp\/v2\/pages\/896\/revisions"}],"predecessor-version":[{"id":1475,"href":"https:\/\/www.geneacantal.fr\/index.php\/wp-json\/wp\/v2\/pages\/896\/revisions\/1475"}],"wp:attachment":[{"href":"https:\/\/www.geneacantal.fr\/index.php\/wp-json\/wp\/v2\/media?parent=896"}],"curies":[{"name":"wp","href":"https:\/\/api.w.org\/{rel}","templated":true}]}}