{"id":769,"date":"2022-11-18T13:35:10","date_gmt":"2022-11-18T12:35:10","guid":{"rendered":"https:\/\/www.geneacantal.fr\/?page_id=769"},"modified":"2023-03-27T15:19:57","modified_gmt":"2023-03-27T13:19:57","slug":"balades-cantaliennes","status":"publish","type":"page","link":"https:\/\/www.geneacantal.fr\/index.php\/balades-cantaliennes\/","title":{"rendered":"Balades Cantaliennes"},"content":{"rendered":"\n<p><em><a href=\"https:\/\/www.geneacantal.fr\/index.php\/patrimoine-cantalou\/\" data-type=\"page\" data-id=\"808\">Retour : Patrimoine Cantalou<\/a><\/em><\/p>\n\n\n\n<figure class=\"wp-block-pullquote\"><blockquote><p>\u00ab\u00a0La patrie, c&rsquo;est toutes les promenades qu&rsquo;on peut faire \u00e0 pied autour de son village.\u00a0\u00bb<\/p><cite>Jules Renard (1864-1910)<\/cite><\/blockquote><\/figure>\n\n\n\n<h2 class=\"has-text-align-center has-large-font-size wp-block-heading\"><strong>A visiter<\/strong><\/h2>\n\n\n\n<p class=\"has-text-align-center\"><a href=\"https:\/\/www.parcdesvolcans.fr\/\" target=\"_blank\" rel=\"noreferrer noopener\">Le Parc Naturel R\u00e9gional des Volcans d&rsquo;Auvergne<\/a><\/p>\n\n\n\n<p class=\"has-text-align-center\"><a href=\"http:\/\/www.cantalpatrimoine.fr\/\" target=\"_blank\" rel=\"noreferrer noopener\">Cantal Patrimoine<\/a><\/p>\n\n\n\n<p class=\"has-text-align-center\"><a href=\"https:\/\/clochers.org\/\" target=\"_blank\" rel=\"noreferrer noopener\">Clochers de France<\/a><\/p>\n\n\n\n<p class=\"has-text-align-center\"><a rel=\"noreferrer noopener\" href=\"https:\/\/www.cimetieres-de-france.fr\/\" target=\"_blank\">Cimeti\u00e8res de France<\/a><\/p>\n\n\n\n<p class=\"has-text-align-center\"><a rel=\"noreferrer noopener\" href=\"http:\/\/www.locom.org\/loc_menu.htm\" target=\"_blank\">LOCOM<\/a> : Localiser une commune en France<\/p>\n\n\n\n<p class=\"has-text-align-center\"><a href=\"http:\/\/www.loomji.fr\/\" target=\"_blank\" rel=\"noreferrer noopener\">LOOMJI<\/a> : pour suivre l&rsquo;actualit\u00e9 de sa commune<\/p>\n\n\n\n<div style=\"height:74px\" aria-hidden=\"true\" class=\"wp-block-spacer\"><\/div>\n\n\n\n<h2 class=\"has-text-align-center has-x-large-font-size wp-block-heading\"><strong>C\u00f4t\u00e9 Biblioth\u00e8que<\/strong><\/h2>\n\n\n\n<hr class=\"wp-block-separator aligncenter has-alpha-channel-opacity is-style-wide\"\/>\n\n\n\n<div style=\"height:100px\" aria-hidden=\"true\" class=\"wp-block-spacer\"><\/div>\n\n\n\n<div class=\"wp-block-columns alignwide is-layout-flex wp-container-4 wp-block-columns-is-layout-flex\">\n<div class=\"wp-block-column is-layout-flow wp-block-column-is-layout-flow\"><div class=\"wp-block-image\">\n<figure class=\"aligncenter size-large is-resized\"><img decoding=\"async\" loading=\"lazy\" src=\"http:\/\/www.genea92nord.fr\/images\/GENEACANTAL\/chanoine-joubert-vallee-cere.jpeg\" alt=\"\" width=\"299\" height=\"399\"\/><figcaption class=\"wp-element-caption\">Le chanoine Joubert fut cur\u00e9 de Vic et s\u2019adonna \u00e0 de nombreuses recherches historiques<\/figcaption><\/figure><\/div><\/div>\n\n\n\n<div class=\"wp-block-column is-layout-flow wp-block-column-is-layout-flow\"><div class=\"wp-block-image\">\n<figure class=\"aligncenter size-large is-resized\"><img decoding=\"async\" loading=\"lazy\" src=\"http:\/\/www.genea92nord.fr\/images\/GENEACANTAL\/jammet-deltrieu-lioran-bretenoux-cere.jpeg\" alt=\"\" width=\"299\" height=\"410\"\/><\/figure><\/div><\/div>\n\n\n\n<div class=\"wp-block-column is-layout-flow wp-block-column-is-layout-flow\"><div class=\"wp-block-image\">\n<figure class=\"aligncenter size-large is-resized\"><img decoding=\"async\" loading=\"lazy\" src=\"http:\/\/www.genea92nord.fr\/images\/GENEACANTAL\/belles-balades-cantal.jpg\" alt=\"\" width=\"302\" height=\"331\"\/><figcaption class=\"wp-element-caption\">40 balades sur l\u2019ensemble du Cantal d\u20191 heure \u00e0 5 heures de marche<\/figcaption><\/figure><\/div><\/div>\n<\/div>\n\n\n\n<div class=\"wp-block-columns alignwide is-layout-flex wp-container-8 wp-block-columns-is-layout-flex\">\n<div class=\"wp-block-column is-layout-flow wp-block-column-is-layout-flow\"><div class=\"wp-block-image\">\n<figure class=\"aligncenter size-large is-resized\"><img decoding=\"async\" loading=\"lazy\" src=\"http:\/\/www.genea92nord.fr\/images\/GENEACANTAL\/baillargeat-segur-histoire-.jpg\" alt=\"\" width=\"301\" height=\"427\"\/><\/figure><\/div><\/div>\n\n\n\n<div class=\"wp-block-column is-layout-flow wp-block-column-is-layout-flow\"><div class=\"wp-block-image\">\n<figure class=\"aligncenter size-large is-resized\"><img decoding=\"async\" loading=\"lazy\" src=\"http:\/\/www.genea92nord.fr\/images\/GENEACANTAL\/trin-cernin.jpeg\" alt=\"\" width=\"301\" height=\"426\"\/><\/figure><\/div><\/div>\n\n\n\n<div class=\"wp-block-column is-layout-flow wp-block-column-is-layout-flow\"><div class=\"wp-block-image\">\n<figure class=\"aligncenter size-large is-resized\"><img decoding=\"async\" loading=\"lazy\" src=\"http:\/\/www.genea92nord.fr\/images\/GENEACANTAL\/trin-menet.jpeg\" alt=\"\" width=\"301\" height=\"419\"\/><\/figure><\/div><\/div>\n<\/div>\n\n\n\n<h2 class=\"has-text-align-center has-large-font-size wp-block-heading\"><strong>Vic-sur-C\u00e8re<\/strong><\/h2>\n\n\n\n<div class=\"wp-block-columns alignwide is-layout-flex wp-container-13 wp-block-columns-is-layout-flex\">\n<div class=\"wp-block-column is-layout-flow wp-block-column-is-layout-flow\"><div class=\"wp-block-image\">\n<figure class=\"aligncenter size-large is-resized\"><img decoding=\"async\" loading=\"lazy\" src=\"http:\/\/www.genea92nord.fr\/images\/GENEACANTAL\/vic-sur-cere.jpg\" alt=\"\" width=\"299\" height=\"427\"\/><\/figure><\/div><\/div>\n\n\n\n<div class=\"wp-block-column is-layout-flow wp-block-column-is-layout-flow\"><div class=\"wp-block-image\">\n<figure class=\"aligncenter size-large is-resized\"><img decoding=\"async\" loading=\"lazy\" src=\"http:\/\/www.genea92nord.fr\/images\/GENEACANTAL\/ajalbert-vic-cere-monographies-costumes.jpeg\" alt=\"\" width=\"274\" height=\"431\"\/><\/figure><\/div><\/div>\n\n\n\n<div class=\"wp-block-column is-layout-flow wp-block-column-is-layout-flow\"><div class=\"wp-block-image\">\n<figure class=\"aligncenter size-large is-resized\"><img decoding=\"async\" loading=\"lazy\" src=\"http:\/\/www.genea92nord.fr\/images\/GENEACANTAL\/miramon-fargues-vic-cere-monographies.jpeg\" alt=\"\" width=\"305\" height=\"431\"\/><\/figure><\/div><\/div>\n\n\n\n<div class=\"wp-block-column is-layout-flow wp-block-column-is-layout-flow\"><div class=\"wp-block-image\">\n<figure class=\"aligncenter size-large is-resized\"><img decoding=\"async\" loading=\"lazy\" src=\"http:\/\/www.genea92nord.fr\/images\/GENEACANTAL\/quiers-vic-cere-fontaine-minerale.jpeg\" alt=\"\" width=\"309\" height=\"431\"\/><\/figure><\/div><\/div>\n<\/div>\n\n\n\n<h2 class=\"has-text-align-center has-large-font-size wp-block-heading\"><strong>Thi\u00e9zac<\/strong><\/h2>\n\n\n\n<div class=\"wp-block-columns is-layout-flex wp-container-16 wp-block-columns-is-layout-flex\">\n<div class=\"wp-block-column is-layout-flow wp-block-column-is-layout-flow\"><div class=\"wp-block-image\">\n<figure class=\"aligncenter size-large is-resized\"><img decoding=\"async\" loading=\"lazy\" src=\"http:\/\/www.genea92nord.fr\/images\/GENEACANTAL\/oddoux-thiezac-autrefois.jpeg\" alt=\"\" width=\"296\" height=\"438\"\/><\/figure><\/div><\/div>\n\n\n\n<div class=\"wp-block-column is-layout-flow wp-block-column-is-layout-flow\"><div class=\"wp-block-image\">\n<figure class=\"aligncenter size-large is-resized\"><img decoding=\"async\" loading=\"lazy\" src=\"http:\/\/www.genea92nord.fr\/images\/GENEACANTAL\/oddoux-thiezac-20e-siecle.jpeg\" alt=\"\" width=\"294\" height=\"440\"\/><\/figure><\/div><\/div>\n<\/div>\n\n\n\n<h2 class=\"has-text-align-center has-large-font-size wp-block-heading\"><strong>Raulhac<\/strong><\/h2>\n\n\n\n<div class=\"wp-block-columns alignwide is-layout-flex wp-container-21 wp-block-columns-is-layout-flex\">\n<div class=\"wp-block-column is-layout-flow wp-block-column-is-layout-flow\"><div class=\"wp-block-image\">\n<figure class=\"aligncenter size-large is-resized\"><img decoding=\"async\" loading=\"lazy\" src=\"http:\/\/www.genea92nord.fr\/images\/GENEACANTAL\/venzac-raulhac.jpg\" alt=\"\" width=\"282\" height=\"430\"\/><\/figure><\/div><\/div>\n\n\n\n<div class=\"wp-block-column is-layout-flow wp-block-column-is-layout-flow\"><div class=\"wp-block-image\">\n<figure class=\"aligncenter size-large is-resized\"><img decoding=\"async\" loading=\"lazy\" src=\"http:\/\/www.genea92nord.fr\/images\/GENEACANTAL\/abbe-poulhes-ancien-raulhac-1.jpg\" alt=\"\" width=\"298\" height=\"429\"\/><\/figure><\/div><\/div>\n\n\n\n<div class=\"wp-block-column is-layout-flow wp-block-column-is-layout-flow\"><div class=\"wp-block-image\">\n<figure class=\"aligncenter size-large is-resized\"><img decoding=\"async\" loading=\"lazy\" src=\"http:\/\/www.genea92nord.fr\/images\/GENEACANTAL\/abbe-poulhes-ancien-raulhac-2.png\" alt=\"\" width=\"303\" height=\"428\"\/><\/figure><\/div><\/div>\n\n\n\n<div class=\"wp-block-column is-layout-flow wp-block-column-is-layout-flow\"><div class=\"wp-block-image\">\n<figure class=\"aligncenter size-large is-resized\"><img decoding=\"async\" loading=\"lazy\" src=\"http:\/\/www.genea92nord.fr\/images\/GENEACANTAL\/raulhac-contemporain.jpeg\" alt=\"\" width=\"306\" height=\"428\"\/><\/figure><\/div><\/div>\n<\/div>\n\n\n\n<p class=\"has-text-align-right\"><a href=\"https:\/\/www.geneacantal.fr\/index.php\/balades-cantaliennes\/\" data-type=\"page\" data-id=\"769\"><em>Haut de page<\/em><\/a><\/p>\n","protected":false},"excerpt":{"rendered":"<p>Retour : Patrimoine Cantalou \u00ab\u00a0La patrie, c&rsquo;est toutes les promenades qu&rsquo;on peut faire \u00e0 pied autour de son village.\u00a0\u00bb Jules Renard (1864-1910) A visiter Le Parc Naturel R\u00e9gional des Volcans d&rsquo;Auvergne Cantal Patrimoine Clochers&#46;&#46;&#46;<\/p>\n","protected":false},"author":1,"featured_media":0,"parent":0,"menu_order":0,"comment_status":"closed","ping_status":"closed","template":"","meta":{"footnotes":""},"_links":{"self":[{"href":"https:\/\/www.geneacantal.fr\/index.php\/wp-json\/wp\/v2\/pages\/769"}],"collection":[{"href":"https:\/\/www.geneacantal.fr\/index.php\/wp-json\/wp\/v2\/pages"}],"about":[{"href":"https:\/\/www.geneacantal.fr\/index.php\/wp-json\/wp\/v2\/types\/page"}],"author":[{"embeddable":true,"href":"https:\/\/www.geneacantal.fr\/index.php\/wp-json\/wp\/v2\/users\/1"}],"replies":[{"embeddable":true,"href":"https:\/\/www.geneacantal.fr\/index.php\/wp-json\/wp\/v2\/comments?post=769"}],"version-history":[{"count":61,"href":"https:\/\/www.geneacantal.fr\/index.php\/wp-json\/wp\/v2\/pages\/769\/revisions"}],"predecessor-version":[{"id":1428,"href":"https:\/\/www.geneacantal.fr\/index.php\/wp-json\/wp\/v2\/pages\/769\/revisions\/1428"}],"wp:attachment":[{"href":"https:\/\/www.geneacantal.fr\/index.php\/wp-json\/wp\/v2\/media?parent=769"}],"curies":[{"name":"wp","href":"https:\/\/api.w.org\/{rel}","templated":true}]}}