{"id":745,"date":"2022-11-18T12:47:29","date_gmt":"2022-11-18T11:47:29","guid":{"rendered":"https:\/\/www.geneacantal.fr\/?page_id=745"},"modified":"2023-03-27T18:05:26","modified_gmt":"2023-03-27T16:05:26","slug":"romans-ecrits-du-cantal","status":"publish","type":"page","link":"https:\/\/www.geneacantal.fr\/index.php\/romans-ecrits-du-cantal\/","title":{"rendered":"Romans &#038; Ecrits du Cantal"},"content":{"rendered":"\n<p><em><a href=\"https:\/\/www.geneacantal.fr\/index.php\/histoires-du-cantal\/\" data-type=\"page\" data-id=\"533\">Retour : Histoire(s) du Cantal<\/a><\/em><\/p>\n\n\n\n<figure class=\"wp-block-pullquote has-text-align-center\"><blockquote><p>\u00ab\u00a0Le paradis, \u00e0 n\u2019en pas douter, n\u2019est qu\u2019une immense biblioth\u00e8que.\u00a0\u00bb&nbsp;<\/p><cite><em>Gaston Bachelard (1884\u20131962)<\/em><\/cite><\/blockquote><\/figure>\n\n\n\n<h2 class=\"has-text-align-center has-x-large-font-size wp-block-heading\"><strong>C\u00f4t\u00e9 Biblioth\u00e8que<\/strong><\/h2>\n\n\n\n<hr class=\"wp-block-separator has-alpha-channel-opacity\"\/>\n\n\n\n<div style=\"height:100px\" aria-hidden=\"true\" class=\"wp-block-spacer\"><\/div>\n\n\n\n<div class=\"wp-block-columns alignwide is-layout-flex wp-container-4 wp-block-columns-is-layout-flex\">\n<div class=\"wp-block-column is-layout-flow wp-block-column-is-layout-flow\"><div class=\"wp-block-image\">\n<figure class=\"aligncenter size-large is-resized\"><img decoding=\"async\" loading=\"lazy\" src=\"http:\/\/www.genea92nord.fr\/images\/GENEACANTAL\/espagiliere-dernier-braconnier.jpg\" alt=\"\" width=\"297\" height=\"422\"\/><\/figure><\/div><\/div>\n\n\n\n<div class=\"wp-block-column is-layout-flow wp-block-column-is-layout-flow\"><div class=\"wp-block-image\">\n<figure class=\"aligncenter size-large is-resized\"><img decoding=\"async\" loading=\"lazy\" src=\"http:\/\/www.genea92nord.fr\/images\/GENEACANTAL\/gontier-jeanne-vixouze.jpg\" alt=\"\" width=\"313\" height=\"425\"\/><\/figure><\/div><\/div>\n\n\n\n<div class=\"wp-block-column is-layout-flow wp-block-column-is-layout-flow\"><div class=\"wp-block-image\">\n<figure class=\"aligncenter size-large is-resized\"><img decoding=\"async\" loading=\"lazy\" src=\"http:\/\/www.genea92nord.fr\/images\/GENEACANTAL\/grimmer-tout-roi.jpg\" alt=\"\" width=\"275\" height=\"431\"\/><figcaption class=\"wp-element-caption\">La vie de Marie-Ang\u00e9lique de Scorailles du ch\u00e2teau de Cropi\u00e8res \u00e0 Raulhac, ma\u00eetresse de son lointain cousin Louis XIV, devenue duchesse de Fontanges, par la gr\u00e2ce de celui-ci<\/figcaption><\/figure><\/div><\/div>\n<\/div>\n\n\n\n<div style=\"height:100px\" aria-hidden=\"true\" class=\"wp-block-spacer\"><\/div>\n\n\n\n<h2 class=\"has-text-align-center has-large-font-size wp-block-heading\"><strong>Henri-No\u00ebl Ferraton<\/strong><\/h2>\n\n\n\n<div class=\"wp-block-columns alignwide is-layout-flex wp-container-9 wp-block-columns-is-layout-flex\">\n<div class=\"wp-block-column is-layout-flow wp-block-column-is-layout-flow\"><div class=\"wp-block-image\">\n<figure class=\"aligncenter size-large is-resized\"><img decoding=\"async\" loading=\"lazy\" src=\"http:\/\/www.genea92nord.fr\/images\/GENEACANTAL\/ferraton-baraque-pierrounet.jpg\" alt=\"\" width=\"298\" height=\"431\"\/><\/figure><\/div><\/div>\n\n\n\n<div class=\"wp-block-column is-layout-flow wp-block-column-is-layout-flow\"><div class=\"wp-block-image\">\n<figure class=\"aligncenter size-large is-resized\"><img decoding=\"async\" loading=\"lazy\" src=\"http:\/\/www.genea92nord.fr\/images\/GENEACANTAL\/ferraton-moi-lautre.jpg\" alt=\"\" width=\"309\" height=\"432\"\/><\/figure><\/div><\/div>\n\n\n\n<div class=\"wp-block-column is-layout-flow wp-block-column-is-layout-flow\"><div class=\"wp-block-image\">\n<figure class=\"aligncenter size-large is-resized\"><img decoding=\"async\" loading=\"lazy\" src=\"http:\/\/www.genea92nord.fr\/images\/GENEACANTAL\/ferraton-amants-bes.jpg\" alt=\"\" width=\"315\" height=\"434\"\/><\/figure><\/div><\/div>\n\n\n\n<div class=\"wp-block-column is-layout-flow wp-block-column-is-layout-flow\"><div class=\"wp-block-image\">\n<figure class=\"aligncenter size-large is-resized\"><img decoding=\"async\" loading=\"lazy\" src=\"http:\/\/www.genea92nord.fr\/images\/GENEACANTAL\/ferraton-maire-pere-fille.jpg\" alt=\"\" width=\"314\" height=\"435\"\/><\/figure><\/div><\/div>\n<\/div>\n\n\n\n<div class=\"wp-block-columns alignwide is-layout-flex wp-container-12 wp-block-columns-is-layout-flex\">\n<div class=\"wp-block-column is-layout-flow wp-block-column-is-layout-flow\"><div class=\"wp-block-image\">\n<figure class=\"aligncenter size-large is-resized\"><img decoding=\"async\" loading=\"lazy\" src=\"http:\/\/www.genea92nord.fr\/images\/GENEACANTAL\/ferraton-fille.jpg\" alt=\"\" width=\"297\" height=\"413\"\/><\/figure><\/div><\/div>\n\n\n\n<div class=\"wp-block-column is-layout-flow wp-block-column-is-layout-flow\"><div class=\"wp-block-image\">\n<figure class=\"aligncenter size-large is-resized\"><img decoding=\"async\" loading=\"lazy\" src=\"http:\/\/www.genea92nord.fr\/images\/GENEACANTAL\/ferraton-besson-combescure.jpg\" alt=\"\" width=\"301\" height=\"421\"\/><\/figure><\/div><\/div>\n<\/div>\n\n\n\n<p class=\"has-text-align-right\"><a href=\"https:\/\/www.geneacantal.fr\/index.php\/romans-ecrits-du-cantal\/\" data-type=\"page\" data-id=\"745\"><em>Haut de page<\/em><\/a><\/p>\n","protected":false},"excerpt":{"rendered":"<p>Retour : Histoire(s) du Cantal \u00ab\u00a0Le paradis, \u00e0 n\u2019en pas douter, n\u2019est qu\u2019une immense biblioth\u00e8que.\u00a0\u00bb&nbsp; Gaston Bachelard (1884\u20131962) C\u00f4t\u00e9 Biblioth\u00e8que Henri-No\u00ebl Ferraton Haut de page<\/p>\n","protected":false},"author":1,"featured_media":0,"parent":0,"menu_order":0,"comment_status":"closed","ping_status":"closed","template":"","meta":{"footnotes":""},"_links":{"self":[{"href":"https:\/\/www.geneacantal.fr\/index.php\/wp-json\/wp\/v2\/pages\/745"}],"collection":[{"href":"https:\/\/www.geneacantal.fr\/index.php\/wp-json\/wp\/v2\/pages"}],"about":[{"href":"https:\/\/www.geneacantal.fr\/index.php\/wp-json\/wp\/v2\/types\/page"}],"author":[{"embeddable":true,"href":"https:\/\/www.geneacantal.fr\/index.php\/wp-json\/wp\/v2\/users\/1"}],"replies":[{"embeddable":true,"href":"https:\/\/www.geneacantal.fr\/index.php\/wp-json\/wp\/v2\/comments?post=745"}],"version-history":[{"count":34,"href":"https:\/\/www.geneacantal.fr\/index.php\/wp-json\/wp\/v2\/pages\/745\/revisions"}],"predecessor-version":[{"id":1486,"href":"https:\/\/www.geneacantal.fr\/index.php\/wp-json\/wp\/v2\/pages\/745\/revisions\/1486"}],"wp:attachment":[{"href":"https:\/\/www.geneacantal.fr\/index.php\/wp-json\/wp\/v2\/media?parent=745"}],"curies":[{"name":"wp","href":"https:\/\/api.w.org\/{rel}","templated":true}]}}