{"id":533,"date":"2022-11-03T09:21:20","date_gmt":"2022-11-03T08:21:20","guid":{"rendered":"https:\/\/www.geneacantal.fr\/?page_id=533"},"modified":"2023-03-27T16:08:49","modified_gmt":"2023-03-27T14:08:49","slug":"histoires-du-cantal","status":"publish","type":"page","link":"https:\/\/www.geneacantal.fr\/index.php\/histoires-du-cantal\/","title":{"rendered":"Histoire(s) du Cantal"},"content":{"rendered":"\n<p class=\"has-text-align-center\"><strong>Selon l&rsquo;univers que vous souhaitez d\u00e9couvrir, cliquez sur la photo<\/strong><\/p>\n\n\n\n<div class=\"wp-block-columns are-vertically-aligned-center is-layout-flex wp-container-7 wp-block-columns-is-layout-flex\">\n<div class=\"wp-block-column is-vertically-aligned-center is-layout-flow wp-block-column-is-layout-flow\" style=\"flex-basis:100%\">\n<div class=\"wp-block-group is-layout-flow wp-block-group-is-layout-flow\"><div class=\"wp-block-group__inner-container\">\n<div class=\"wp-block-group is-layout-flow wp-block-group-is-layout-flow\"><div class=\"wp-block-group__inner-container\">\n<div class=\"wp-block-columns is-layout-flex wp-container-3 wp-block-columns-is-layout-flex\">\n<div class=\"wp-block-column is-layout-flow wp-block-column-is-layout-flow\"><div class=\"wp-block-image\">\n<figure class=\"aligncenter size-large is-resized\"><a href=\"https:\/\/www.geneacantal.fr\/index.php\/category\/lauvergnate-celebre\/\"><img decoding=\"async\" loading=\"lazy\" src=\"http:\/\/www.genea92nord.fr\/images\/GENEACANTAL\/CPA-attelage-auvergnat.jpg\" alt=\"\" width=\"524\" height=\"330\"\/><\/a><\/figure><\/div>\n\n\n<h2 class=\"has-text-align-center wp-block-heading\"><strong>L&rsquo;auvergnat c\u00e9l\u00e8bre<\/strong> <\/h2>\n\n\n\n<h2 class=\"has-text-align-center wp-block-heading\"><strong>(de coeur ou de racines)<\/strong><\/h2>\n\n\n\n<div style=\"height:100px\" aria-hidden=\"true\" class=\"wp-block-spacer\"><\/div>\n\n\n<div class=\"wp-block-image\">\n<figure class=\"aligncenter size-large is-resized\"><a href=\"https:\/\/www.geneacantal.fr\/index.php\/le-cantal-hier\/\"><img decoding=\"async\" loading=\"lazy\" src=\"http:\/\/www.genea92nord.fr\/images\/GENEACANTAL\/CPA-cantal-marche-bestiaux.jpg\" alt=\"\" width=\"527\" height=\"338\"\/><\/a><\/figure><\/div>\n\n\n<h2 class=\"has-text-align-center wp-block-heading\"><strong>Le Cantal, hier<\/strong><\/h2>\n\n\n\n<div style=\"height:100px\" aria-hidden=\"true\" class=\"wp-block-spacer\"><\/div>\n\n\n<div class=\"wp-block-image\">\n<figure class=\"aligncenter size-large is-resized\"><a href=\"https:\/\/www.geneacantal.fr\/index.php\/romans-ecrits-du-cantal\/\"><img decoding=\"async\" loading=\"lazy\" src=\"http:\/\/www.genea92nord.fr\/images\/GENEACANTAL\/CPA-cantal-aurillac-place-gravier.jpg\" alt=\"\" width=\"529\" height=\"339\"\/><\/a><\/figure><\/div>\n\n\n<h2 class=\"has-text-align-center wp-block-heading\"><strong>Romans &amp; Ecrits du Cantal<\/strong><\/h2>\n<\/div>\n\n\n\n<div class=\"wp-block-column is-layout-flow wp-block-column-is-layout-flow\">\n<div style=\"height:125px\" aria-hidden=\"true\" class=\"wp-block-spacer\"><\/div>\n\n\n<div class=\"wp-block-image\">\n<figure class=\"aligncenter size-large is-resized\"><a href=\"https:\/\/www.geneacantal.fr\/index.php\/category\/histoires-de-lieux\/\"><img decoding=\"async\" loading=\"lazy\" src=\"http:\/\/www.genea92nord.fr\/images\/GENEACANTAL\/CPA-cantal-chateau-anjony.jpg\" alt=\"\" width=\"526\" height=\"330\"\/><\/a><\/figure><\/div>\n\n\n<h2 class=\"has-text-align-center wp-block-heading\"><strong>Histoire(s) de lieux<\/strong><\/h2>\n\n\n\n<div style=\"height:105px\" aria-hidden=\"true\" class=\"wp-block-spacer\"><\/div>\n\n\n<div class=\"wp-block-image\">\n<figure class=\"aligncenter size-large is-resized\"><a href=\"https:\/\/www.geneacantal.fr\/index.php\/chroniques-de-famille\/\"><img decoding=\"async\" loading=\"lazy\" src=\"http:\/\/www.genea92nord.fr\/images\/GENEACANTAL\/CP-auvergnats%20chez%20eux.jpg\" alt=\"\" width=\"529\" height=\"340\"\/><\/a><\/figure><\/div>\n\n\n<h2 class=\"has-text-align-center wp-block-heading\"><strong>Chroniques de familles<\/strong><\/h2>\n<\/div>\n<\/div>\n<\/div><\/div>\n<\/div><\/div>\n<\/div>\n<\/div>\n\n\n\n<p class=\"has-text-align-right\"><a href=\"https:\/\/www.geneacantal.fr\/index.php\/histoires-du-cantal\/\" data-type=\"page\" data-id=\"533\"><em>Haut de page<\/em><\/a><\/p>\n","protected":false},"excerpt":{"rendered":"<p>Selon l&rsquo;univers que vous souhaitez d\u00e9couvrir, cliquez sur la photo L&rsquo;auvergnat c\u00e9l\u00e8bre (de coeur ou de racines) Le Cantal, hier Romans &amp; Ecrits du Cantal Histoire(s) de lieux Chroniques de familles Haut de page<\/p>\n","protected":false},"author":1,"featured_media":0,"parent":0,"menu_order":0,"comment_status":"closed","ping_status":"closed","template":"","meta":{"footnotes":""},"_links":{"self":[{"href":"https:\/\/www.geneacantal.fr\/index.php\/wp-json\/wp\/v2\/pages\/533"}],"collection":[{"href":"https:\/\/www.geneacantal.fr\/index.php\/wp-json\/wp\/v2\/pages"}],"about":[{"href":"https:\/\/www.geneacantal.fr\/index.php\/wp-json\/wp\/v2\/types\/page"}],"author":[{"embeddable":true,"href":"https:\/\/www.geneacantal.fr\/index.php\/wp-json\/wp\/v2\/users\/1"}],"replies":[{"embeddable":true,"href":"https:\/\/www.geneacantal.fr\/index.php\/wp-json\/wp\/v2\/comments?post=533"}],"version-history":[{"count":49,"href":"https:\/\/www.geneacantal.fr\/index.php\/wp-json\/wp\/v2\/pages\/533\/revisions"}],"predecessor-version":[{"id":1453,"href":"https:\/\/www.geneacantal.fr\/index.php\/wp-json\/wp\/v2\/pages\/533\/revisions\/1453"}],"wp:attachment":[{"href":"https:\/\/www.geneacantal.fr\/index.php\/wp-json\/wp\/v2\/media?parent=533"}],"curies":[{"name":"wp","href":"https:\/\/api.w.org\/{rel}","templated":true}]}}