{"id":268,"date":"2022-11-02T10:05:11","date_gmt":"2022-11-02T09:05:11","guid":{"rendered":"http:\/\/www.geneacantal.fr\/?page_id=268"},"modified":"2023-03-27T16:11:50","modified_gmt":"2023-03-27T14:11:50","slug":"agac-15","status":"publish","type":"page","link":"https:\/\/www.geneacantal.fr\/index.php\/agac-15\/","title":{"rendered":"L&rsquo;association AGAC 15"},"content":{"rendered":"\n<p class=\"has-text-align-center has-medium-font-size\"><strong>Bienvenue sur le site de<\/strong><\/p>\n\n\n\n<p class=\"has-text-align-center has-medium-font-size\"><strong>l&rsquo;Association G\u00e9n\u00e9alogique d&rsquo;Aurillac et du Cantal (AGAC15)<\/strong><\/p>\n\n\n\n<p class=\"has-text-align-center\">En mars 2021 sur Radio France Bleu Auvergne :<\/p>\n\n\n<div class=\"wp-block-image\">\n<figure class=\"aligncenter size-large\"><img decoding=\"async\" src=\"http:\/\/www.genea92nord.fr\/images\/GENEACANTAL\/france-bleu.jpg\" alt=\"\"\/><\/figure><\/div>\n\n\n<figure class=\"wp-block-audio\"><audio controls src=\"https:\/\/www.geneacantal.fr\/wp-content\/uploads\/2022\/11\/france-bleu-auvergne.mp3\"><\/audio><\/figure>\n\n\n\n<div style=\"height:100px\" aria-hidden=\"true\" class=\"wp-block-spacer\"><\/div>\n\n\n\n<h2 class=\"wp-block-heading\"><strong>L\u2019AGAC&nbsp;: Pourquoi&nbsp;?<\/strong><\/h2>\n\n\n\n<p>Il n&rsquo;y a pas de groupement associatif g\u00e9n\u00e9alogique organis\u00e9 sur le Cantal participant \u00e0 un travail d\u2019entraide collectif national.<\/p>\n\n\n\n<p>L\u2019AGAC met \u00e0 votre disposition GRATUITEMENT la totalit\u00e9 des tables d\u00e9cennales de mariages des communes du CANTAL de 1793 \u00e0 1932 sur <a rel=\"noreferrer noopener\" href=\"https:\/\/fr.geneawiki.com\/index.php?title=Tables_de_mariage_du_XIXe_si%C3%A8cle\/Cantal\" target=\"_blank\">GENEAWIKI<\/a><\/p>\n\n\n\n<p>Vous avez aussi des anc\u00eatres dans d\u2019autres provinces de France&nbsp;: utilisez encore <a rel=\"noreferrer noopener\" href=\"http:\/\/www.geneabank.org\/frenind.php3\" target=\"_blank\">GENEABANK<\/a><\/p>\n\n\n\n<p><strong>GENEANET&nbsp;:<\/strong><\/p>\n\n\n\n<p>au-del\u00e0 des arbres g\u00e9n\u00e9alogiques familiaux (si vous trouvez des pistes, pensez toujours \u00e0 v\u00e9rifier la v\u00e9racit\u00e9 des renseignements), de nombreux relev\u00e9s en acc\u00e8s libre ou payant sont \u00e0 disposition.<\/p>\n\n\n\n<p><strong>RELEVES :<\/strong><\/p>\n\n\n\n<p>Nos relev\u00e9s se font sur le <a rel=\"noreferrer noopener\" href=\"https:\/\/www.cegfc.net\/www\/nimegue\/nimegue\/index.html\" target=\"_blank\">logiciel NIMEGUE<\/a> t\u00e9l\u00e9chargeable gratuitement sur le site du CEGFC (Cercle d\u2019Entraide G\u00e9n\u00e9alogique de Franche-Comt\u00e9)<\/p>\n\n\n\n<p>Tout b\u00e9n\u00e9vole est le bienvenu pour aider les g\u00e9n\u00e9alogistes du Cantal \u00e0 progresser en faisant aussi des relev\u00e9s.<\/p>\n\n\n\n<p>En cas de besoin, un soutien t\u00e9l\u00e9phonique sur l\u2019utilisation de Nim\u00e8gue vous est apport\u00e9.<\/p>\n\n\n\n<p>Contact&nbsp;: 07 77 82 48 52<\/p>\n\n\n\n<div style=\"height:100px\" aria-hidden=\"true\" class=\"wp-block-spacer\"><\/div>\n\n\n\n<h2 class=\"wp-block-heading\">Conf\u00e9rences : <\/h2>\n\n\n\n<h5 class=\"wp-block-heading\">Septembre 2017<\/h5>\n\n\n\n<p>Journ\u00e9es Europ\u00e9ennes du Patrimoine : Visites, le samedi et le dimanche, du cimeti\u00e8re Massigoux \u00e0 Aurillac \u00e0 travers les tombes des c\u00e9l\u00e9brit\u00e9s locales ou nationales.<\/p>\n\n\n\n<h5 class=\"wp-block-heading\">Mai 2017<\/h5>\n\n\n\n<p>Archives D\u00e9partementales : Pr\u00e9sentation des petits \u00e9diteurs de cartes postales anciennes sur le Cantal.<\/p>\n\n\n\n<p>M\u00e9diath\u00e8que d&rsquo;Aurillac : Pr\u00e9sentation dans la salle informatique du syst\u00e8me G\u00e9n\u00e9abank, pour chercher ses anc\u00eatres.<\/p>\n\n\n\n<p class=\"has-text-align-right\"><a href=\"https:\/\/www.geneacantal.fr\/index.php\/agac-15\/\" data-type=\"page\" data-id=\"268\"><em>Haut de page<\/em><\/a><\/p>\n","protected":false},"excerpt":{"rendered":"<p>Bienvenue sur le site de l&rsquo;Association G\u00e9n\u00e9alogique d&rsquo;Aurillac et du Cantal (AGAC15) En mars 2021 sur Radio France Bleu Auvergne : L\u2019AGAC&nbsp;: Pourquoi&nbsp;? Il n&rsquo;y a pas de groupement associatif g\u00e9n\u00e9alogique organis\u00e9 sur le&#46;&#46;&#46;<\/p>\n","protected":false},"author":1,"featured_media":0,"parent":0,"menu_order":0,"comment_status":"closed","ping_status":"closed","template":"","meta":{"footnotes":""},"_links":{"self":[{"href":"https:\/\/www.geneacantal.fr\/index.php\/wp-json\/wp\/v2\/pages\/268"}],"collection":[{"href":"https:\/\/www.geneacantal.fr\/index.php\/wp-json\/wp\/v2\/pages"}],"about":[{"href":"https:\/\/www.geneacantal.fr\/index.php\/wp-json\/wp\/v2\/types\/page"}],"author":[{"embeddable":true,"href":"https:\/\/www.geneacantal.fr\/index.php\/wp-json\/wp\/v2\/users\/1"}],"replies":[{"embeddable":true,"href":"https:\/\/www.geneacantal.fr\/index.php\/wp-json\/wp\/v2\/comments?post=268"}],"version-history":[{"count":16,"href":"https:\/\/www.geneacantal.fr\/index.php\/wp-json\/wp\/v2\/pages\/268\/revisions"}],"predecessor-version":[{"id":1454,"href":"https:\/\/www.geneacantal.fr\/index.php\/wp-json\/wp\/v2\/pages\/268\/revisions\/1454"}],"wp:attachment":[{"href":"https:\/\/www.geneacantal.fr\/index.php\/wp-json\/wp\/v2\/media?parent=268"}],"curies":[{"name":"wp","href":"https:\/\/api.w.org\/{rel}","templated":true}]}}