{"id":225,"date":"2022-11-01T20:53:14","date_gmt":"2022-11-01T19:53:14","guid":{"rendered":"https:\/\/www.geneacantal.fr\/?page_id=225"},"modified":"2023-03-27T14:55:07","modified_gmt":"2023-03-27T12:55:07","slug":"infos-pratiques","status":"publish","type":"page","link":"https:\/\/www.geneacantal.fr\/index.php\/infos-pratiques\/","title":{"rendered":"Archives D\u00e9partementales &#038; Municipales"},"content":{"rendered":"\n<div class=\"wp-block-group is-content-justification-center is-nowrap is-layout-flex wp-container-1 wp-block-group-is-layout-flex\">\n<h2 class=\"has-medium-font-size wp-block-heading\"><strong>Archives D\u00e9partementales du CANTAL <\/strong><\/h2>\n\n\n\n<figure class=\"wp-block-image size-large is-resized\"><img decoding=\"async\" loading=\"lazy\" src=\"http:\/\/www.genea92nord.fr\/images\/GENEACANTAL\/logo-AD%20cantal.png\" alt=\"\" width=\"206\" height=\"92\"\/><\/figure>\n<\/div>\n\n\n\n<hr class=\"wp-block-separator has-alpha-channel-opacity is-style-twentytwentyone-separator-thick\"\/>\n\n\n\n<p>42 bis rue Paul Doumer<br>15000 Aurillac<br>T\u00e9l. 04 71 48 33 38<\/p>\n\n\n\n<p>Horaires d&rsquo;ouverture :<br>du lundi au jeudi de 8h30 \u00e0 12h et de 13h30 \u00e0 17h.<\/p>\n\n\n\n<p>Le site internet : <a rel=\"noreferrer noopener\" href=\"https:\/\/archives.cantal.fr\/\" target=\"_blank\">https:\/\/archives.cantal.fr\/<\/a><\/p>\n\n\n\n<p><a href=\"https:\/\/archives.cantal.fr\/vos-archives\/etat-civil\/indexation-collaborative\" target=\"_blank\" rel=\"noreferrer noopener\">Indexation collaborative<\/a> sur le site<\/p>\n\n\n\n<div style=\"height:60px\" aria-hidden=\"true\" class=\"wp-block-spacer\"><\/div>\n\n\n\n<h2 class=\"has-text-align-center has-medium-font-size wp-block-heading\"><strong>Archives Municipales<\/strong><\/h2>\n\n\n\n<hr class=\"wp-block-separator has-alpha-channel-opacity is-style-twentytwentyone-separator-thick\"\/>\n\n\n\n<div class=\"wp-block-group is-content-justification-center is-nowrap is-layout-flex wp-container-2 wp-block-group-is-layout-flex\">\n<p> <\/p>\n\n\n\n<figure class=\"wp-block-image size-large is-resized\"><img decoding=\"async\" loading=\"lazy\" src=\"http:\/\/www.genea92nord.fr\/images\/GENEACANTAL\/logoAM%20aurillac.png\" alt=\"\" width=\"173\" height=\"61\"\/><\/figure>\n<\/div>\n\n\n\n<p>14 rue de le Coste &#8211; BP 509 15005 Aurillac Cedex<br>T\u00e9l : 04 71 45 46 46<\/p>\n\n\n\n<p>le site internet : <a href=\"https:\/\/bibliotheque-numerique.aurillac.fr\/\" target=\"_blank\" rel=\"noreferrer noopener\">https:\/\/bibliotheque-numerique.aurillac.fr\/<\/a><\/p>\n\n\n\n<div style=\"height:2px\" aria-hidden=\"true\" class=\"wp-block-spacer\"><\/div>\n\n\n<div class=\"wp-block-image\">\n<figure class=\"aligncenter size-large is-resized\"><img decoding=\"async\" loading=\"lazy\" src=\"http:\/\/www.genea92nord.fr\/images\/GENEACANTAL\/logo%20StFlour.jpg\" alt=\"\" width=\"81\" height=\"150\"\/><\/figure><\/div>\n\n\n<p>60, rue de Belloy<br>15100 Saint-Flour<br>T\u00e9l. 04 71 60 15 98<br>Courriel : archives@saint-flour.fr<\/p>\n\n\n\n<p>Horaires d\u2019ouverture :<br>Du lundi au jeudi, de 10h00 \u00e0 12h00 et de 14h00 \u00e0 18h00.<br>Le vendredi, de 10h00 \u00e0 12h00 et de 13h30 \u00e0 16h30.<\/p>\n\n\n\n<p class=\"has-text-align-right\"><a href=\"https:\/\/www.geneacantal.fr\/index.php\/infos-pratiques\/\" data-type=\"page\" data-id=\"225\"><em>Haut de page<\/em><\/a><\/p>\n","protected":false},"excerpt":{"rendered":"<p>Archives D\u00e9partementales du CANTAL 42 bis rue Paul Doumer15000 AurillacT\u00e9l. 04 71 48 33 38 Horaires d&rsquo;ouverture :du lundi au jeudi de 8h30 \u00e0 12h et de 13h30 \u00e0 17h. Le site internet :&#46;&#46;&#46;<\/p>\n","protected":false},"author":1,"featured_media":0,"parent":0,"menu_order":0,"comment_status":"closed","ping_status":"closed","template":"","meta":{"footnotes":""},"_links":{"self":[{"href":"https:\/\/www.geneacantal.fr\/index.php\/wp-json\/wp\/v2\/pages\/225"}],"collection":[{"href":"https:\/\/www.geneacantal.fr\/index.php\/wp-json\/wp\/v2\/pages"}],"about":[{"href":"https:\/\/www.geneacantal.fr\/index.php\/wp-json\/wp\/v2\/types\/page"}],"author":[{"embeddable":true,"href":"https:\/\/www.geneacantal.fr\/index.php\/wp-json\/wp\/v2\/users\/1"}],"replies":[{"embeddable":true,"href":"https:\/\/www.geneacantal.fr\/index.php\/wp-json\/wp\/v2\/comments?post=225"}],"version-history":[{"count":28,"href":"https:\/\/www.geneacantal.fr\/index.php\/wp-json\/wp\/v2\/pages\/225\/revisions"}],"predecessor-version":[{"id":1415,"href":"https:\/\/www.geneacantal.fr\/index.php\/wp-json\/wp\/v2\/pages\/225\/revisions\/1415"}],"wp:attachment":[{"href":"https:\/\/www.geneacantal.fr\/index.php\/wp-json\/wp\/v2\/media?parent=225"}],"curies":[{"name":"wp","href":"https:\/\/api.w.org\/{rel}","templated":true}]}}